{"id":3330,"date":"2019-01-13T14:33:59","date_gmt":"2019-01-13T14:33:59","guid":{"rendered":"https:\/\/www.maxorata.es\/?page_id=3330"},"modified":"2019-04-17T10:32:28","modified_gmt":"2019-04-17T10:32:28","slug":"noticias","status":"publish","type":"page","link":"https:\/\/maxorata.es\/en\/noticias\/","title":{"rendered":"News"},"content":{"rendered":"<div class=\"wpb-content-wrapper\" id=\"wpb-content-root\"><div data-vc-full-width=\"true\" data-vc-full-width-temp=\"true\" data-vc-full-width-init=\"false\" class=\"vc_row wpb_row vc_row-fluid vc_custom_1555420619095 vc_row-has-fill\"><div class=\"wpb_column vc_column_container vc_col-sm-3\"><div class=\"vc_column-inner\"><div class=\"wpb_wrapper\">\n\t<div  class=\"wpb_single_image wpb_content_element vc_align_center\">\n\t\t\n\t\t<figure class=\"wpb_wrapper vc_figure\">\n\t\t\t<div class=\"vc_single_image-wrapper  \"><img loading=\"lazy\" decoding=\"async\" width=\"340\" height=\"340\" src=\"https:\/\/maxorata.es\/wp-content\/uploads\/2019\/04\/salongourmets2019.jpg\" class=\"vc_single_image-img attachment-full\" alt=\"\" title=\"salongourmets2019\" srcset=\"https:\/\/maxorata.es\/wp-content\/uploads\/2019\/04\/salongourmets2019.jpg 340w, https:\/\/maxorata.es\/wp-content\/uploads\/2019\/04\/salongourmets2019-100x100.jpg 100w, https:\/\/maxorata.es\/wp-content\/uploads\/2019\/04\/salongourmets2019-300x300.jpg 300w, https:\/\/maxorata.es\/wp-content\/uploads\/2019\/04\/salongourmets2019-150x150.jpg 150w, https:\/\/maxorata.es\/wp-content\/uploads\/2019\/04\/salongourmets2019-200x200.jpg 200w\" sizes=\"auto, (max-width: 340px) 100vw, 340px\"  data-dt-location=\"https:\/\/maxorata.es\/en\/noticias\/salongourmets2019\/\" \/><\/div>\n\t\t<\/figure>\n\t<\/div>\n<\/div><\/div><\/div><div class=\"wpb_column vc_column_container vc_col-sm-9\"><div class=\"vc_column-inner vc_custom_1549021568836\"><div class=\"wpb_wrapper\"><div class=\"vc_separator wpb_content_element vc_separator_align_center vc_sep_border_width_2 vc_sep_pos_align_left vc_separator_no_text wpb_content_element  wpb_content_element\"   style=\"width: 20%;\"><span class=\"vc_sep_holder vc_sep_holder_l\"><span style=\"border-top-color:#2A2A2A;\" class=\"vc_sep_line\"><\/span><\/span><span class=\"vc_sep_holder vc_sep_holder_r\"><span style=\"border-top-color:#2A2A2A;\" class=\"vc_sep_line\"><\/span><\/span>\n<\/div>\n\t<div class=\"wpb_text_column wpb_content_element \" >\n\t\t<div class=\"wpb_wrapper\">\n\t\t\t<h2 class=\"entry-title\">Tobar del Oso medium ripe has been awarded in 10th Edition GourmetQuesos &#8220;Best Cheeses Championship Spanish cheese 2019&#8221; with the 1st award in the sheep medium ripe cheese category<\/h2>\n\n\t\t<\/div>\n\t<\/div>\n\n\t<div class=\"wpb_text_column wpb_content_element \" >\n\t\t<div class=\"wpb_wrapper\">\n\t\t\t<p><span style=\"color: #000000;\"><em>salondegourmets.com, 12\/04\/2019<br \/>\n<\/em><\/span><\/p>\n<p><span style=\"color: #000000;\">The GourmetQuesos Championship is now established as the most important of those held in Spain for the number of samples presented: this year 840 have been subnitted, in the last edition, the 32nd Gourmets Fair in 2018, 725 were submitted. Artisan cheeses represent more than 70%, so it can be considered as the benchmark cheese championship in Spain.<\/span><\/p>\n<p><span style=\"color: #000000;\">Spain has a rich cheese heritage, which is reflected in more than 200 varieties spread throughout the country. In addition to those recognized as high-quality cheeses (27 with Protected Designation of Origin and 2 with Protected Geographical Indication), more than fifty traditional cheeses and many other new ones must be added. This highlights the know-how of our cheese makers and the clear professionalization of the sector.<\/span><\/p>\n\n\t\t<\/div>\n\t<\/div>\n<div class=\"vc_btn3-container  btn-black vc_btn3-left\" ><a class=\"vc_general vc_btn3 vc_btn3-size-md vc_btn3-shape-square vc_btn3-style-classic vc_btn3-color-\" href=\"http:\/\/salondegourmets.com\/salondegourmets2019\/en\/activities\/details\/7271-10-gourmetquesos-campeonato-de-los-mejores-quesos-de-espana-2019\" title=\"\" target=\"_blank\">READ MORE ABOUT<\/a><\/div><div class=\"vc_btn3-container  btn-black vc_btn3-left\" ><a class=\"vc_general vc_btn3 vc_btn3-size-md vc_btn3-shape-square vc_btn3-style-classic vc_btn3-color-\" href=\"https:\/\/www.gourmets.net\/descargas\/2019\/Sala-prensa\/NP\/Ganadores\/Ganadores-Gourmetquesos2019.pdf\" title=\"\" target=\"_blank\">AWARDS LIST (PDF)<\/a><\/div><\/div><\/div><\/div><\/div><div class=\"vc_row-full-width vc_clearfix\"><\/div><div data-vc-full-width=\"true\" data-vc-full-width-temp=\"true\" data-vc-full-width-init=\"false\" class=\"vc_row wpb_row vc_row-fluid vc_custom_1547390526880 vc_row-has-fill\"><div class=\"wpb_column vc_column_container vc_col-sm-3\"><div class=\"vc_column-inner\"><div class=\"wpb_wrapper\">\n\t<div  class=\"wpb_single_image wpb_content_element vc_align_center\">\n\t\t\n\t\t<figure class=\"wpb_wrapper vc_figure\">\n\t\t\t<div class=\"vc_single_image-wrapper  \"><img loading=\"lazy\" decoding=\"async\" width=\"270\" height=\"270\" src=\"https:\/\/maxorata.es\/wp-content\/uploads\/2019\/02\/0219_ondafuerteventura.jpg\" class=\"vc_single_image-img attachment-full\" alt=\"\" title=\"0219_ondafuerteventura\" srcset=\"https:\/\/maxorata.es\/wp-content\/uploads\/2019\/02\/0219_ondafuerteventura.jpg 270w, https:\/\/maxorata.es\/wp-content\/uploads\/2019\/02\/0219_ondafuerteventura-100x100.jpg 100w, https:\/\/maxorata.es\/wp-content\/uploads\/2019\/02\/0219_ondafuerteventura-150x150.jpg 150w, https:\/\/maxorata.es\/wp-content\/uploads\/2019\/02\/0219_ondafuerteventura-200x200.jpg 200w\" sizes=\"auto, (max-width: 270px) 100vw, 270px\"  data-dt-location=\"https:\/\/maxorata.es\/en\/noticias\/0219_ondafuerteventura\/\" \/><\/div>\n\t\t<\/figure>\n\t<\/div>\n<\/div><\/div><\/div><div class=\"wpb_column vc_column_container vc_col-sm-9\"><div class=\"vc_column-inner vc_custom_1549021568836\"><div class=\"wpb_wrapper\"><div class=\"vc_separator wpb_content_element vc_separator_align_center vc_sep_border_width_2 vc_sep_pos_align_left vc_separator_no_text wpb_content_element  wpb_content_element\"   style=\"width: 20%;\"><span class=\"vc_sep_holder vc_sep_holder_l\"><span style=\"border-top-color:#2A2A2A;\" class=\"vc_sep_line\"><\/span><\/span><span class=\"vc_sep_holder vc_sep_holder_r\"><span style=\"border-top-color:#2A2A2A;\" class=\"vc_sep_line\"><\/span><\/span>\n<\/div>\n\t<div class=\"wpb_text_column wpb_content_element \" >\n\t\t<div class=\"wpb_wrapper\">\n\t\t\t<h2 class=\"entry-title\">Visita de Blas Acosta a las instalaciones del Grupo Ganaderos de Fuerteventura<\/h2>\n\n\t\t<\/div>\n\t<\/div>\n\n\t<div class=\"wpb_text_column wpb_content_element \" >\n\t\t<div class=\"wpb_wrapper\">\n\t\t\t<p><span style=\"color: #000000;\"><em>Onda Fuerteventura, 06\/02\/2019<\/em><\/span><\/p>\n<p><span style=\"color: #000000;\">El vicepresidente y consejero de Turismo del Cabildo de Fuerteventura, Blas Acosta, visit\u00f3 en la ma\u00f1ana de hoy las instalaciones del Grupo Ganaderos de Fuerteventura dentro de la apuesta del Patronato de Turismo por diversificar la oferta tur\u00edstica apostando por sectores como el gastron\u00f3mico con el queso como producto estrella.<\/span><\/p>\n<p><span style=\"color: #000000;\">El director general Grupo Ganaderos de Fuerteventura, Esteban Alberto, fue el encargado de ense\u00f1ar las instalaciones y explicar el proceso de elaboraci\u00f3n de este queso, internacionalmente premiado. A la visita tambi\u00e9n asisti\u00f3 el gerente del Patronato de Turismo, Mois\u00e9s Jorge.<\/span><\/p>\n<p><span style=\"color: #000000;\">Blas Acosta agradeci\u00f3 al Grupo Ganaderos de Fuerteventura el que haya mostrado las instalaciones y abog\u00f3 por \u201cla necesidad de apoyar al sector primario\u201d al tiempo que reconoci\u00f3 la importancia de esta empresa para la isla. Asimismo, los felicit\u00f3 por los premios adquiridos durante los \u00faltimos a\u00f1os.<\/span><\/p>\n\n\t\t<\/div>\n\t<\/div>\n<div class=\"vc_btn3-container  btn-black vc_btn3-left\" ><a class=\"vc_general vc_btn3 vc_btn3-size-md vc_btn3-shape-square vc_btn3-style-classic vc_btn3-color-\" href=\"https:\/\/www.ondafuerteventura.es\/visita-blas-acosta-las-instalaciones-del-grupo-ganaderos-fuerteventura\/\" title=\"\" target=\"_blank\">READ MORE ABOUT<\/a><\/div><\/div><\/div><\/div><\/div><div class=\"vc_row-full-width vc_clearfix\"><\/div><div data-vc-full-width=\"true\" data-vc-full-width-temp=\"true\" data-vc-full-width-init=\"false\" class=\"vc_row wpb_row vc_row-fluid vc_custom_1549264949919 vc_row-has-fill\"><div class=\"wpb_column vc_column_container vc_col-sm-3\"><div class=\"vc_column-inner\"><div class=\"wpb_wrapper\">\n\t<div  class=\"wpb_single_image wpb_content_element vc_align_center\">\n\t\t\n\t\t<figure class=\"wpb_wrapper vc_figure\">\n\t\t\t<div class=\"vc_single_image-wrapper  \"><img loading=\"lazy\" decoding=\"async\" width=\"270\" height=\"270\" src=\"https:\/\/maxorata.es\/wp-content\/uploads\/2019\/02\/0219_diariodefuerteventura.jpg\" class=\"vc_single_image-img attachment-full\" alt=\"\" title=\"0219_diariodefuerteventura\" srcset=\"https:\/\/maxorata.es\/wp-content\/uploads\/2019\/02\/0219_diariodefuerteventura.jpg 270w, https:\/\/maxorata.es\/wp-content\/uploads\/2019\/02\/0219_diariodefuerteventura-100x100.jpg 100w, https:\/\/maxorata.es\/wp-content\/uploads\/2019\/02\/0219_diariodefuerteventura-150x150.jpg 150w, https:\/\/maxorata.es\/wp-content\/uploads\/2019\/02\/0219_diariodefuerteventura-200x200.jpg 200w\" sizes=\"auto, (max-width: 270px) 100vw, 270px\"  data-dt-location=\"https:\/\/maxorata.es\/en\/noticias\/0219_diariodefuerteventura\/\" \/><\/div>\n\t\t<\/figure>\n\t<\/div>\n<\/div><\/div><\/div><div class=\"wpb_column vc_column_container vc_col-sm-9\"><div class=\"vc_column-inner vc_custom_1549021568836\"><div class=\"wpb_wrapper\"><div class=\"vc_separator wpb_content_element vc_separator_align_center vc_sep_border_width_2 vc_sep_pos_align_left vc_separator_no_text wpb_content_element  wpb_content_element\"   style=\"width: 20%;\"><span class=\"vc_sep_holder vc_sep_holder_l\"><span style=\"border-top-color:#2A2A2A;\" class=\"vc_sep_line\"><\/span><\/span><span class=\"vc_sep_holder vc_sep_holder_r\"><span style=\"border-top-color:#2A2A2A;\" class=\"vc_sep_line\"><\/span><\/span>\n<\/div>\n\t<div class=\"wpb_text_column wpb_content_element \" >\n\t\t<div class=\"wpb_wrapper\">\n\t\t\t<h2 class=\"modif\">El queso majorero que se vende en los cinco continentes<\/h2>\n\n\t\t<\/div>\n\t<\/div>\n\n\t<div class=\"wpb_text_column wpb_content_element \" >\n\t\t<div class=\"wpb_wrapper\">\n\t\t\t<p><span style=\"color: #000000;\"><em>Diario de Fuerteventura, 23\/01\/2019<\/em><\/span><\/p>\n<p><span style=\"color: #000000;\">Grupo Ganaderos de Fuerteventura produce unas 1.800 toneladas de queso al a\u00f1o con unos 50 ganaderos que aportan su materia prima.<br \/>\n<\/span><\/p>\n<p><span style=\"color: #000000;\">Fuerteventura cuenta con una de las industrias queseras m\u00e1s importantes de Espa\u00f1a: la Sociedad Ganaderos de Fuerteventura, conocida como Maxorata, que se ha convertido en una empresa se\u00f1era en Canarias en la elaboraci\u00f3n del producto estrella de la Isla, el queso majorero.<\/span><\/p>\n<p><span style=\"color: #000000;\">Reconocido como el primer queso de cabra de toda la geograf\u00eda espa\u00f1ola en obtener la Denominaci\u00f3n de Origen, el queso majorero es desde tiempos prehisp\u00e1nicos uno de los alimentos m\u00e1s valorados de la gastronom\u00eda canaria. Su prestigio viene avalado por la calidad de la materia prima empleada, la leche de cabra aut\u00f3ctona de Fuerteventura, y el esmero en su elaboraci\u00f3n, respetuosa con la tradici\u00f3n artesanal.<\/span><\/p>\n\n\t\t<\/div>\n\t<\/div>\n<div class=\"vc_btn3-container  btn-black vc_btn3-left\" ><a class=\"vc_general vc_btn3 vc_btn3-size-md vc_btn3-shape-square vc_btn3-style-classic vc_btn3-color-\" href=\"https:\/\/www.diariodefuerteventura.com\/noticia\/el-queso-majorero-que-se-vende-en-los-cinco-continentes\" title=\"\" target=\"_blank\">READ MORE ABOUT<\/a><\/div><\/div><\/div><\/div><\/div><div class=\"vc_row-full-width vc_clearfix\"><\/div><div data-vc-full-width=\"true\" data-vc-full-width-temp=\"true\" data-vc-full-width-init=\"false\" class=\"vc_row wpb_row vc_row-fluid vc_custom_1547390526880 vc_row-has-fill\"><div class=\"wpb_column vc_column_container vc_col-sm-8\"><div class=\"vc_column-inner\"><div class=\"wpb_wrapper\">\n\t<div  class=\"wpb_single_image wpb_content_element vc_align_center\">\n\t\t\n\t\t<figure class=\"wpb_wrapper vc_figure\">\n\t\t\t<div class=\"vc_single_image-wrapper  \"><img loading=\"lazy\" decoding=\"async\" width=\"800\" height=\"958\" src=\"https:\/\/maxorata.es\/wp-content\/uploads\/2019\/02\/revista_residente.jpg\" class=\"vc_single_image-img attachment-full\" alt=\"\" title=\"revista_residente\" srcset=\"https:\/\/maxorata.es\/wp-content\/uploads\/2019\/02\/revista_residente.jpg 800w, https:\/\/maxorata.es\/wp-content\/uploads\/2019\/02\/revista_residente-251x300.jpg 251w, https:\/\/maxorata.es\/wp-content\/uploads\/2019\/02\/revista_residente-768x920.jpg 768w, https:\/\/maxorata.es\/wp-content\/uploads\/2019\/02\/revista_residente-150x180.jpg 150w, https:\/\/maxorata.es\/wp-content\/uploads\/2019\/02\/revista_residente-600x719.jpg 600w\" sizes=\"auto, (max-width: 800px) 100vw, 800px\"  data-dt-location=\"https:\/\/maxorata.es\/en\/noticias\/revista_residente\/\" \/><\/div>\n\t\t<\/figure>\n\t<\/div>\n<\/div><\/div><\/div><div class=\"wpb_column vc_column_container vc_col-sm-4\"><div class=\"vc_column-inner vc_custom_1549021568836\"><div class=\"wpb_wrapper\"><div class=\"vc_separator wpb_content_element vc_separator_align_center vc_sep_border_width_2 vc_sep_pos_align_left vc_separator_no_text wpb_content_element  wpb_content_element\"   style=\"width: 20%;\"><span class=\"vc_sep_holder vc_sep_holder_l\"><span style=\"border-top-color:#2A2A2A;\" class=\"vc_sep_line\"><\/span><\/span><span class=\"vc_sep_holder vc_sep_holder_r\"><span style=\"border-top-color:#2A2A2A;\" class=\"vc_sep_line\"><\/span><\/span>\n<\/div>\n\t<div class=\"wpb_text_column wpb_content_element \" >\n\t\t<div class=\"wpb_wrapper\">\n\t\t\t<h2 class=\"entry-title\">Revista Residente n\u00ba62<\/h2>\n\n\t\t<\/div>\n\t<\/div>\n\n\t<div class=\"wpb_text_column wpb_content_element \" >\n\t\t<div class=\"wpb_wrapper\">\n\t\t\t<p><span style=\"color: #000000;\"><em>Residenterm.mx, 12\/2018<\/em><\/span><\/p>\n<p class=\"p1\"><span class=\"s1\" style=\"color: #000000;\">La revista RESIDENTE, una de las m\u00e1s importantes de Gastronom\u00eda en la regi\u00f3n (Canc\u00fan\/ Rivera Maya).\u00a0<\/span><\/p>\n\n\t\t<\/div>\n\t<\/div>\n<div class=\"vc_btn3-container  btn-black vc_btn3-left\" ><a class=\"vc_general vc_btn3 vc_btn3-size-md vc_btn3-shape-square vc_btn3-style-classic vc_btn3-color-\" href=\"https:\/\/residenterm.mx\/\" title=\"\" target=\"_blank\">\"Residente\" Magazine<\/a><\/div><\/div><\/div><\/div><\/div><div class=\"vc_row-full-width vc_clearfix\"><\/div><div data-vc-full-width=\"true\" data-vc-full-width-temp=\"true\" data-vc-full-width-init=\"false\" class=\"vc_row wpb_row vc_row-fluid vc_custom_1549559819954 vc_row-has-fill\"><div class=\"wpb_column vc_column_container vc_col-sm-3\"><div class=\"vc_column-inner\"><div class=\"wpb_wrapper\">\n\t<div  class=\"wpb_single_image wpb_content_element vc_align_center\">\n\t\t\n\t\t<figure class=\"wpb_wrapper vc_figure\">\n\t\t\t<div class=\"vc_single_image-wrapper  \"><img loading=\"lazy\" decoding=\"async\" width=\"270\" height=\"270\" src=\"https:\/\/maxorata.es\/wp-content\/uploads\/2019\/02\/1118_20minutos.jpg\" class=\"vc_single_image-img attachment-full\" alt=\"\" title=\"1118_20minutos\" srcset=\"https:\/\/maxorata.es\/wp-content\/uploads\/2019\/02\/1118_20minutos.jpg 270w, https:\/\/maxorata.es\/wp-content\/uploads\/2019\/02\/1118_20minutos-100x100.jpg 100w, https:\/\/maxorata.es\/wp-content\/uploads\/2019\/02\/1118_20minutos-150x150.jpg 150w, https:\/\/maxorata.es\/wp-content\/uploads\/2019\/02\/1118_20minutos-200x200.jpg 200w\" sizes=\"auto, (max-width: 270px) 100vw, 270px\"  data-dt-location=\"https:\/\/maxorata.es\/en\/noticias\/1118_20minutos\/\" \/><\/div>\n\t\t<\/figure>\n\t<\/div>\n<\/div><\/div><\/div><div class=\"wpb_column vc_column_container vc_col-sm-9\"><div class=\"vc_column-inner vc_custom_1549021568836\"><div class=\"wpb_wrapper\"><div class=\"vc_separator wpb_content_element vc_separator_align_center vc_sep_border_width_2 vc_sep_pos_align_left vc_separator_no_text wpb_content_element  wpb_content_element\"   style=\"width: 20%;\"><span class=\"vc_sep_holder vc_sep_holder_l\"><span style=\"border-top-color:#2A2A2A;\" class=\"vc_sep_line\"><\/span><\/span><span class=\"vc_sep_holder vc_sep_holder_r\"><span style=\"border-top-color:#2A2A2A;\" class=\"vc_sep_line\"><\/span><\/span>\n<\/div>\n\t<div class=\"wpb_text_column wpb_content_element \" >\n\t\t<div class=\"wpb_wrapper\">\n\t\t\t<h2>Treinta y ocho quesos canarios son premiados en los World Cheese Awards 2018<\/h2>\n\n\t\t<\/div>\n\t<\/div>\n\n\t<div class=\"wpb_text_column wpb_content_element \" >\n\t\t<div class=\"wpb_wrapper\">\n\t\t\t<p><span style=\"color: #000000;\"><em>20 Minutos, 05\/11\/2018<\/em><\/span><\/p>\n<div><span style=\"color: #000000;\">Un total de 38 quesos canarios han resultado premiados en los World Cheese Awards 2018, seg\u00fan los datos facilitados por Guild of Fine Food, el comit\u00e9 organizador del certamen, publicados este fin de semana en su p\u00e1gina web. Los galardones obtenidos por las producciones del archipi\u00e9lago en este concurso internacional, celebrado esta edici\u00f3n en Bergen (Noruega), se dividen en dos super oros, siete oros, doce platas y diecisiete medallas de bronce. El consejero de Agricultura, Ganader\u00eda, Pesca y Aguas del Gobierno de Canarias, Narvay Quintero, ha celebrado &#8220;estos excelentes resultados, que un a\u00f1o m\u00e1s vienen a constatar la calidad y autenticidad de los quesos de las islas, que se sit\u00faan entre los m\u00e1s reconocidos del mundo y son fruto del esfuerzo y saber hacer de ganaderos\/as y maestras y maestros queseras&#8221;.<\/span><\/div>\n\n\t\t<\/div>\n\t<\/div>\n<div class=\"vc_btn3-container  btn-black vc_btn3-left\" ><a class=\"vc_general vc_btn3 vc_btn3-size-md vc_btn3-shape-square vc_btn3-style-classic vc_btn3-color-\" href=\"https:\/\/www.20minutos.es\/noticia\/3483258\/0\/treinta-ocho-quesos-canarios-son-premiados-world-cheese-awards-2018\/\" title=\"\" target=\"_blank\">READ MORE ABOUT<\/a><\/div><\/div><\/div><\/div><\/div><div class=\"vc_row-full-width vc_clearfix\"><\/div><div data-vc-full-width=\"true\" data-vc-full-width-temp=\"true\" data-vc-full-width-init=\"false\" class=\"vc_row wpb_row vc_row-fluid vc_custom_1549559844119\"><div class=\"wpb_column vc_column_container vc_col-sm-3\"><div class=\"vc_column-inner\"><div class=\"wpb_wrapper\">\n\t<div  class=\"wpb_single_image wpb_content_element vc_align_center\">\n\t\t\n\t\t<figure class=\"wpb_wrapper vc_figure\">\n\t\t\t<div class=\"vc_single_image-wrapper  \"><img loading=\"lazy\" decoding=\"async\" width=\"270\" height=\"270\" src=\"https:\/\/maxorata.es\/wp-content\/uploads\/2019\/02\/0518_abc.png\" class=\"vc_single_image-img attachment-full\" alt=\"\" title=\"0518_abc\" srcset=\"https:\/\/maxorata.es\/wp-content\/uploads\/2019\/02\/0518_abc.png 270w, https:\/\/maxorata.es\/wp-content\/uploads\/2019\/02\/0518_abc-100x100.png 100w, https:\/\/maxorata.es\/wp-content\/uploads\/2019\/02\/0518_abc-150x150.png 150w, https:\/\/maxorata.es\/wp-content\/uploads\/2019\/02\/0518_abc-200x200.png 200w\" sizes=\"auto, (max-width: 270px) 100vw, 270px\"  data-dt-location=\"https:\/\/maxorata.es\/en\/noticias\/0518_abc-2\/\" \/><\/div>\n\t\t<\/figure>\n\t<\/div>\n<\/div><\/div><\/div><div class=\"wpb_column vc_column_container vc_col-sm-9\"><div class=\"vc_column-inner vc_custom_1549021568836\"><div class=\"wpb_wrapper\"><div class=\"vc_separator wpb_content_element vc_separator_align_center vc_sep_border_width_2 vc_sep_pos_align_left vc_separator_no_text wpb_content_element  wpb_content_element\"   style=\"width: 20%;\"><span class=\"vc_sep_holder vc_sep_holder_l\"><span style=\"border-top-color:#2A2A2A;\" class=\"vc_sep_line\"><\/span><\/span><span class=\"vc_sep_holder vc_sep_holder_r\"><span style=\"border-top-color:#2A2A2A;\" class=\"vc_sep_line\"><\/span><\/span>\n<\/div>\n\t<div class=\"wpb_text_column wpb_content_element \" >\n\t\t<div class=\"wpb_wrapper\">\n\t\t\t<h2><span class=\"titular\">Un queso de cabra espa\u00f1ol, elegido el mejor del mundo<\/span><\/h2>\n\n\t\t<\/div>\n\t<\/div>\n\n\t<div class=\"wpb_text_column wpb_content_element \" >\n\t\t<div class=\"wpb_wrapper\">\n\t\t\t<p><span style=\"color: #000000;\"><em>ABC, 25\/05\/2018<\/em><\/span><\/p>\n<p class=\"subtitulo\"><strong><span style=\"color: #000000;\">El queso majorero Maxorata, de Fuerteventura, triunfa en el World Championship Cheese como el mejor queso de cabra del mundo.<\/span><\/strong><\/p>\n<p><span id=\"viajes\" class=\"main\"><span class=\"cuerpo-texto \">El queso Maxorata de <strong>leche de cabra semicurado<\/strong> con piment\u00f3n, elaborado por Grupo Ganaderos de Fuerteventura, fue elegido el mejor del mundo en su categor\u00eda (queso de leche cabra semicurado con sabores) en el World Championships Cheese, celebrado recientemente en Wisconsin, Estados Unidos. En el mismo concurso, esta empresa obtuvo un segundo premio en la categor\u00eda de \u00abmezcla tiernos y semicurados con sabores\u00bb con el <strong>Alisios<\/strong>, una marca exclusiva para el mercado americano que en Espa\u00f1a se comercializa como Selectum (70% vaca de Gran Canaria y 30% cabra majorera). El Maxorata curado ya obtuvo la distinci\u00f3n \u00abSuper Gold\u00bb en el <strong>World Cheese Awards 2014<\/strong>, el gran certamen de quesos celebrado en Europa. <\/span><\/span><\/p>\n\n\t\t<\/div>\n\t<\/div>\n<div class=\"vc_btn3-container  btn-black vc_btn3-left\" ><a class=\"vc_general vc_btn3 vc_btn3-size-md vc_btn3-shape-square vc_btn3-style-classic vc_btn3-color-\" href=\"https:\/\/www.abc.es\/viajar\/gastronomia\/abci-queso-cabra-espanol-elegido-mejor-mundo-201805251348_noticia.html\" title=\"\" target=\"_blank\">READ MORE ABOUT<\/a><\/div><\/div><\/div><\/div><\/div><div class=\"vc_row-full-width vc_clearfix\"><\/div><div data-vc-full-width=\"true\" data-vc-full-width-temp=\"true\" data-vc-full-width-init=\"false\" class=\"vc_row wpb_row vc_row-fluid vc_custom_1549559856560 vc_row-has-fill\"><div class=\"wpb_column vc_column_container vc_col-sm-3\"><div class=\"vc_column-inner\"><div class=\"wpb_wrapper\">\n\t<div  class=\"wpb_single_image wpb_content_element vc_align_center\">\n\t\t\n\t\t<figure class=\"wpb_wrapper vc_figure\">\n\t\t\t<div class=\"vc_single_image-wrapper  \"><img loading=\"lazy\" decoding=\"async\" width=\"270\" height=\"270\" src=\"https:\/\/maxorata.es\/wp-content\/uploads\/2019\/02\/0518_abc.png\" class=\"vc_single_image-img attachment-full\" alt=\"\" title=\"0518_abc\" srcset=\"https:\/\/maxorata.es\/wp-content\/uploads\/2019\/02\/0518_abc.png 270w, https:\/\/maxorata.es\/wp-content\/uploads\/2019\/02\/0518_abc-100x100.png 100w, https:\/\/maxorata.es\/wp-content\/uploads\/2019\/02\/0518_abc-150x150.png 150w, https:\/\/maxorata.es\/wp-content\/uploads\/2019\/02\/0518_abc-200x200.png 200w\" sizes=\"auto, (max-width: 270px) 100vw, 270px\"  data-dt-location=\"https:\/\/maxorata.es\/en\/noticias\/0518_abc-2\/\" \/><\/div>\n\t\t<\/figure>\n\t<\/div>\n<\/div><\/div><\/div><div class=\"wpb_column vc_column_container vc_col-sm-9\"><div class=\"vc_column-inner vc_custom_1549021568836\"><div class=\"wpb_wrapper\"><div class=\"vc_separator wpb_content_element vc_separator_align_center vc_sep_border_width_2 vc_sep_pos_align_left vc_separator_no_text wpb_content_element  wpb_content_element\"   style=\"width: 20%;\"><span class=\"vc_sep_holder vc_sep_holder_l\"><span style=\"border-top-color:#2A2A2A;\" class=\"vc_sep_line\"><\/span><\/span><span class=\"vc_sep_holder vc_sep_holder_r\"><span style=\"border-top-color:#2A2A2A;\" class=\"vc_sep_line\"><\/span><\/span>\n<\/div>\n\t<div class=\"wpb_text_column wpb_content_element \" >\n\t\t<div class=\"wpb_wrapper\">\n\t\t\t<h2 class=\"headline__title\">Un queso espa\u00f1ol gana el premio al mejor queso del mundo<\/h2>\n\n\t\t<\/div>\n\t<\/div>\n\n\t<div class=\"wpb_text_column wpb_content_element \" >\n\t\t<div class=\"wpb_wrapper\">\n\t\t\t<p><span style=\"color: #000000;\"><em>Huffingtonpost, 25\/05\/2018<\/em><\/span><\/p>\n<p class=\"headline__subtitle\"><span style=\"color: #000000;\"><strong>Ha vencido a los m\u00e1s de 3.000 presentados por otros 26 pa\u00edses.<\/strong><\/span><\/p>\n<p><span style=\"color: #000000;\">Un queso majorero ha sido declarado el mejor del mundo en el campeonato oficial de estos alimentos que se celebra en EEUU. Se trata del queso Maxorata, un semicurado elaborado con leche de cabra y piment\u00f3n del Grupo Ganaderos de Fuerteventura.<\/span><\/p>\n\n\t\t<\/div>\n\t<\/div>\n<div class=\"vc_btn3-container  btn-black vc_btn3-left\" ><a class=\"vc_general vc_btn3 vc_btn3-size-md vc_btn3-shape-square vc_btn3-style-classic vc_btn3-color-\" href=\"https:\/\/www.huffingtonpost.es\/2018\/05\/24\/un-queso-espanol-gana-el-premio-al-mejor-del-mundo_a_23443083\/\" title=\"\" target=\"_blank\">READ MORE ABOUT<\/a><\/div><\/div><\/div><\/div><\/div><div class=\"vc_row-full-width vc_clearfix\"><\/div><div data-vc-full-width=\"true\" data-vc-full-width-temp=\"true\" data-vc-full-width-init=\"false\" class=\"vc_row wpb_row vc_row-fluid vc_custom_1549559867619\"><div class=\"wpb_column vc_column_container vc_col-sm-3\"><div class=\"vc_column-inner\"><div class=\"wpb_wrapper\">\n\t<div  class=\"wpb_single_image wpb_content_element vc_align_center\">\n\t\t\n\t\t<figure class=\"wpb_wrapper vc_figure\">\n\t\t\t<div class=\"vc_single_image-wrapper  \"><img loading=\"lazy\" decoding=\"async\" width=\"270\" height=\"270\" src=\"https:\/\/maxorata.es\/wp-content\/uploads\/2019\/02\/0518_laprovincia.jpg\" class=\"vc_single_image-img attachment-full\" alt=\"\" title=\"0518_laprovincia\" srcset=\"https:\/\/maxorata.es\/wp-content\/uploads\/2019\/02\/0518_laprovincia.jpg 270w, https:\/\/maxorata.es\/wp-content\/uploads\/2019\/02\/0518_laprovincia-100x100.jpg 100w, https:\/\/maxorata.es\/wp-content\/uploads\/2019\/02\/0518_laprovincia-150x150.jpg 150w, https:\/\/maxorata.es\/wp-content\/uploads\/2019\/02\/0518_laprovincia-200x200.jpg 200w\" sizes=\"auto, (max-width: 270px) 100vw, 270px\"  data-dt-location=\"https:\/\/maxorata.es\/en\/noticias\/0518_laprovincia\/\" \/><\/div>\n\t\t<\/figure>\n\t<\/div>\n<\/div><\/div><\/div><div class=\"wpb_column vc_column_container vc_col-sm-9\"><div class=\"vc_column-inner vc_custom_1549021596553\"><div class=\"wpb_wrapper\"><div class=\"vc_separator wpb_content_element vc_separator_align_center vc_sep_border_width_2 vc_sep_pos_align_left vc_separator_no_text wpb_content_element  wpb_content_element\"   style=\"width: 20%;\"><span class=\"vc_sep_holder vc_sep_holder_l\"><span style=\"border-top-color:#2A2A2A;\" class=\"vc_sep_line\"><\/span><\/span><span class=\"vc_sep_holder vc_sep_holder_r\"><span style=\"border-top-color:#2A2A2A;\" class=\"vc_sep_line\"><\/span><\/span>\n<\/div>\n\t<div class=\"wpb_text_column wpb_content_element \" >\n\t\t<div class=\"wpb_wrapper\">\n\t\t\t<h2 style=\"text-align: left;\"><span style=\"color: #000000;\">Maxorata triunfa en EE UU como el mejor queso de cabra del mundo<\/span><\/h2>\n\n\t\t<\/div>\n\t<\/div>\n\n\t<div class=\"wpb_text_column wpb_content_element \" >\n\t\t<div class=\"wpb_wrapper\">\n\t\t\t<p><span style=\"color: #000000;\"><em>La Provincia, 24\/05\/2018<\/em><\/span><\/p>\n<p><span style=\"color: #000000;\">El queso majorero contin\u00faa conquistando el mundo. La pen\u00faltima haza\u00f1a se localiza en Estados Unidos. El Grupo Ganaderos de Fuerteventura logr\u00f3 con la marca Maxorata de leche de cabra semicurado con piment\u00f3n convertirse como el mejor del globo en su categor\u00eda en el concurso mundial World Championships Cheese. Tambi\u00e9n, se alz\u00f3 en el mismo evento con un segundo premio en la categor\u00eda de mezcla tiernos y semicurados con sabores con Alisios, una marca exclusiva para el mercado americano y que en otros lugares se comercializa con la nominaci\u00f3n de Selectum. El producto majorero particip\u00f3 con m\u00e1s de una veintena de pa\u00edses y m\u00e1s de 3.000 quesos.<\/span><\/p>\n\n\t\t<\/div>\n\t<\/div>\n<div class=\"vc_btn3-container  btn-black vc_btn3-left\" ><a class=\"vc_general vc_btn3 vc_btn3-size-md vc_btn3-shape-square vc_btn3-style-classic vc_btn3-color-\" href=\"https:\/\/www.laprovincia.es\/fuerteventura\/2018\/05\/24\/maxorata-triunfa-ee-uu-mejor\/1061239.html\" title=\"\" target=\"_blank\">READ MORE ABOUT<\/a><\/div><\/div><\/div><\/div><\/div><div class=\"vc_row-full-width vc_clearfix\"><\/div>\n<\/div>","protected":false},"excerpt":{"rendered":"<p>Tobar del Oso medium ripe has been awarded in 10th Edition GourmetQuesos &#8220;Best Cheeses Championship Spanish cheese 2019&#8221; with the 1st award in the sheep medium ripe cheese category salondegourmets.com, 12\/04\/2019 The GourmetQuesos Championship is now established as the most important of those held in Spain for the number of samples presented: this year 840&hellip;<\/p>\n","protected":false},"author":3,"featured_media":0,"parent":0,"menu_order":0,"comment_status":"closed","ping_status":"closed","template":"","meta":{"footnotes":""},"class_list":["post-3330","page","type-page","status-publish","hentry","description-off"],"yoast_head":"<!-- This site is optimized with the Yoast SEO plugin v28.3 - https:\/\/yoast.com\/product\/yoast-seo-wordpress\/ -->\n<title>News<\/title>\n<meta name=\"robots\" content=\"index, follow, max-snippet:-1, max-image-preview:large, max-video-preview:-1\" \/>\n<link rel=\"canonical\" href=\"https:\/\/maxorata.es\/en\/noticias\/\" \/>\n<meta property=\"og:locale\" content=\"en_GB\" \/>\n<meta property=\"og:locale:alternate\" content=\"es_ES\" \/>\n<meta property=\"og:type\" content=\"article\" \/>\n<meta property=\"og:title\" content=\"News\" \/>\n<meta property=\"og:url\" content=\"https:\/\/maxorata.es\/en\/noticias\/\" \/>\n<meta property=\"og:site_name\" content=\"Maxorata\" \/>\n<meta property=\"article:modified_time\" content=\"2019-04-17T10:32:28+00:00\" \/>\n<meta name=\"twitter:card\" content=\"summary_large_image\" \/>\n<meta name=\"twitter:label1\" content=\"Estimated reading time\" \/>\n\t<meta name=\"twitter:data1\" content=\"18 minutes\" \/>\n<script type=\"application\/ld+json\" class=\"yoast-schema-graph\">{\"@context\":\"https:\\\/\\\/schema.org\",\"@graph\":[{\"@type\":\"WebPage\",\"@id\":\"https:\\\/\\\/maxorata.es\\\/noticias\\\/\",\"url\":\"https:\\\/\\\/maxorata.es\\\/noticias\\\/\",\"name\":\"News\",\"isPartOf\":{\"@id\":\"https:\\\/\\\/maxorata.es\\\/#website\"},\"datePublished\":\"2019-01-13T14:33:59+00:00\",\"dateModified\":\"2019-04-17T10:32:28+00:00\",\"breadcrumb\":{\"@id\":\"https:\\\/\\\/maxorata.es\\\/noticias\\\/#breadcrumb\"},\"inLanguage\":\"en-GB\",\"potentialAction\":[{\"@type\":\"ReadAction\",\"target\":[\"https:\\\/\\\/maxorata.es\\\/noticias\\\/\"]}]},{\"@type\":\"BreadcrumbList\",\"@id\":\"https:\\\/\\\/maxorata.es\\\/noticias\\\/#breadcrumb\",\"itemListElement\":[{\"@type\":\"ListItem\",\"position\":1,\"name\":\"Portada\",\"item\":\"https:\\\/\\\/maxorata.es\\\/\"},{\"@type\":\"ListItem\",\"position\":2,\"name\":\"News\"}]},{\"@type\":\"WebSite\",\"@id\":\"https:\\\/\\\/maxorata.es\\\/#website\",\"url\":\"https:\\\/\\\/maxorata.es\\\/\",\"name\":\"Maxorata\",\"description\":\"Queso majorero y otros productos l\u00e1cteos del Grupo Ganaderos de Fuerteventura\",\"publisher\":{\"@id\":\"https:\\\/\\\/maxorata.es\\\/#organization\"},\"potentialAction\":[{\"@type\":\"SearchAction\",\"target\":{\"@type\":\"EntryPoint\",\"urlTemplate\":\"https:\\\/\\\/maxorata.es\\\/?s={search_term_string}\"},\"query-input\":{\"@type\":\"PropertyValueSpecification\",\"valueRequired\":true,\"valueName\":\"search_term_string\"}}],\"inLanguage\":\"en-GB\"},{\"@type\":\"Organization\",\"@id\":\"https:\\\/\\\/maxorata.es\\\/#organization\",\"name\":\"Grupo Ganaderos de Fuerteventura S.L\",\"url\":\"https:\\\/\\\/maxorata.es\\\/\",\"logo\":{\"@type\":\"ImageObject\",\"inLanguage\":\"en-GB\",\"@id\":\"https:\\\/\\\/maxorata.es\\\/#\\\/schema\\\/logo\\\/image\\\/\",\"url\":\"https:\\\/\\\/maxorata.es\\\/wp-content\\\/uploads\\\/2018\\\/05\\\/logo.jpg\",\"contentUrl\":\"https:\\\/\\\/maxorata.es\\\/wp-content\\\/uploads\\\/2018\\\/05\\\/logo.jpg\",\"width\":109,\"height\":77,\"caption\":\"Grupo Ganaderos de Fuerteventura S.L\"},\"image\":{\"@id\":\"https:\\\/\\\/maxorata.es\\\/#\\\/schema\\\/logo\\\/image\\\/\"}}]}<\/script>\n<!-- \/ Yoast SEO plugin. -->","yoast_head_json":{"title":"News","robots":{"index":"index","follow":"follow","max-snippet":"max-snippet:-1","max-image-preview":"max-image-preview:large","max-video-preview":"max-video-preview:-1"},"canonical":"https:\/\/maxorata.es\/en\/noticias\/","og_locale":"en_GB","og_type":"article","og_title":"[:es]News[:en]News[:] - Maxorata","og_url":"https:\/\/maxorata.es\/en\/noticias\/","og_site_name":"Maxorata","article_modified_time":"2019-04-17T10:32:28+00:00","twitter_card":"summary_large_image","twitter_misc":{"Estimated reading time":"18 minutes"},"schema":{"@context":"https:\/\/schema.org","@graph":[{"@type":"WebPage","@id":"https:\/\/maxorata.es\/noticias\/","url":"https:\/\/maxorata.es\/noticias\/","name":"News","isPartOf":{"@id":"https:\/\/maxorata.es\/#website"},"datePublished":"2019-01-13T14:33:59+00:00","dateModified":"2019-04-17T10:32:28+00:00","breadcrumb":{"@id":"https:\/\/maxorata.es\/noticias\/#breadcrumb"},"inLanguage":"en-GB","potentialAction":[{"@type":"ReadAction","target":["https:\/\/maxorata.es\/noticias\/"]}]},{"@type":"BreadcrumbList","@id":"https:\/\/maxorata.es\/noticias\/#breadcrumb","itemListElement":[{"@type":"ListItem","position":1,"name":"Portada","item":"https:\/\/maxorata.es\/"},{"@type":"ListItem","position":2,"name":"News"}]},{"@type":"WebSite","@id":"https:\/\/maxorata.es\/#website","url":"https:\/\/maxorata.es\/","name":"Maxorata","description":"Queso majorero y otros productos l\u00e1cteos del Grupo Ganaderos de Fuerteventura","publisher":{"@id":"https:\/\/maxorata.es\/#organization"},"potentialAction":[{"@type":"SearchAction","target":{"@type":"EntryPoint","urlTemplate":"https:\/\/maxorata.es\/?s={search_term_string}"},"query-input":{"@type":"PropertyValueSpecification","valueRequired":true,"valueName":"search_term_string"}}],"inLanguage":"en-GB"},{"@type":"Organization","@id":"https:\/\/maxorata.es\/#organization","name":"Grupo Ganaderos de Fuerteventura S.L","url":"https:\/\/maxorata.es\/","logo":{"@type":"ImageObject","inLanguage":"en-GB","@id":"https:\/\/maxorata.es\/#\/schema\/logo\/image\/","url":"https:\/\/maxorata.es\/wp-content\/uploads\/2018\/05\/logo.jpg","contentUrl":"https:\/\/maxorata.es\/wp-content\/uploads\/2018\/05\/logo.jpg","width":109,"height":77,"caption":"Grupo Ganaderos de Fuerteventura S.L"},"image":{"@id":"https:\/\/maxorata.es\/#\/schema\/logo\/image\/"}}]}},"_links":{"self":[{"href":"https:\/\/maxorata.es\/en\/wp-json\/wp\/v2\/pages\/3330","targetHints":{"allow":["GET"]}}],"collection":[{"href":"https:\/\/maxorata.es\/en\/wp-json\/wp\/v2\/pages"}],"about":[{"href":"https:\/\/maxorata.es\/en\/wp-json\/wp\/v2\/types\/page"}],"author":[{"embeddable":true,"href":"https:\/\/maxorata.es\/en\/wp-json\/wp\/v2\/users\/3"}],"replies":[{"embeddable":true,"href":"https:\/\/maxorata.es\/en\/wp-json\/wp\/v2\/comments?post=3330"}],"version-history":[{"count":0,"href":"https:\/\/maxorata.es\/en\/wp-json\/wp\/v2\/pages\/3330\/revisions"}],"wp:attachment":[{"href":"https:\/\/maxorata.es\/en\/wp-json\/wp\/v2\/media?parent=3330"}],"curies":[{"name":"wp","href":"https:\/\/api.w.org\/{rel}","templated":true}]}}