{"id":1589,"date":"2017-03-06T16:02:49","date_gmt":"2017-03-06T16:02:49","guid":{"rendered":"https:\/\/www.maxorata.es\/producto\/queso-el-tofio-curado-con-pimenton\/"},"modified":"2017-03-06T22:26:08","modified_gmt":"2017-03-06T22:26:08","slug":"queso-el-tofio-curado-con-pimenton","status":"publish","type":"product","link":"https:\/\/maxorata.es\/en\/tienda\/queso-el-tofio-curado-con-pimenton\/","title":{"rendered":"Queso El Tofio Curado con Piment\u00f3n"},"content":{"rendered":"<p><strong>\u2022<\/strong> <strong>Originario<\/strong> de la isla de Lanzarote.<\/p>\n<p><strong>\u2022<\/strong> <strong>Elaborado<\/strong> a base de leche pasteurizada de cabra canaria, fermentos l\u00e1cticos, cuajo y sal.<\/p>\n<p><strong>\u2022<\/strong> <strong>Cobertura<\/strong> con piment\u00f3n.<\/p>\n<p><strong>\u2022<\/strong> Las <strong>notas de cata<\/strong>, describen un queso de color amarillo marfil, olor caracter\u00edstico de queso curado de cabra a temperatura ambiente, sabor desarrollado, cremoso y ligeramente picante, pasta compacta al corte, textura cremosa y corteza de color pardo amarillento.<\/p>\n<p><strong>\u2022<\/strong> <strong>Maduraci\u00f3n<\/strong> superior a 60 d\u00edas.<\/p>\n<p><strong>\u2022<\/strong> <strong>Vida comercial<\/strong> de 12 meses desde el envasado.<\/p>\n<p><strong>\u2022<\/strong> <strong>Presentaci\u00f3n<\/strong> en formatos de 1 y 4 kg y cu\u00f1as de 350 g (en pen\u00ednsula las cu\u00f1as son de 225 g).<\/p>\n","protected":false},"excerpt":{"rendered":"<p><strong>\u2022<\/strong> <strong>Originario<\/strong> de la isla de Lanzarote.<\/p>\n<p><strong>\u2022<\/strong> <strong>Elaborado<\/strong> a base de leche pasteurizada de cabra canaria, fermentos l\u00e1cticos, cuajo y sal.<\/p>\n<p><strong>\u2022<\/strong> <strong>Cobertura<\/strong> con piment\u00f3n.<\/p>\n<p><strong>\u2022<\/strong> Las <strong>notas de cata<\/strong>, describen un queso de color amarillo marfil, olor caracter\u00edstico de queso curado de cabra a temperatura ambiente, sabor desarrollado, cremoso y ligeramente picante, pasta compacta al corte, textura cremosa y corteza de color pardo amarillento.<\/p>\n<p><strong>\u2022<\/strong> <strong>Maduraci\u00f3n<\/strong> superior a 60 d\u00edas.<\/p>\n<p><strong>\u2022<\/strong> <strong>Vida comercial<\/strong> de 12 meses desde el envasado.<\/p>\n<p><strong>\u2022<\/strong> <strong>Presentaci\u00f3n<\/strong> en formatos de 1 y 4 kg y cu\u00f1as de 350 g (en pen\u00ednsula las cu\u00f1as son de 225 g).<\/p>\n","protected":false},"featured_media":1590,"comment_status":"open","ping_status":"closed","template":"","meta":[],"product_brand":[],"product_cat":[52],"product_tag":[68,63,60],"class_list":["post-1589","product","type-product","status-publish","has-post-thumbnail","product_cat-el-tofio","product_tag-curado","product_tag-el-tofio","product_tag-pimenton","description-off","first","instock","featured","taxable","shipping-taxable","product-type-simple"],"yoast_head":"<!-- This site is optimized with the Yoast SEO plugin v28.3 - https:\/\/yoast.com\/product\/yoast-seo-wordpress\/ -->\n<title>Queso El Tofio Curado con Piment\u00f3n - Maxorata<\/title>\n<meta name=\"robots\" content=\"index, follow, max-snippet:-1, max-image-preview:large, max-video-preview:-1\" \/>\n<link rel=\"canonical\" href=\"https:\/\/maxorata.es\/en\/tienda\/queso-el-tofio-curado-con-pimenton\/\" \/>\n<meta property=\"og:locale\" content=\"en_GB\" \/>\n<meta property=\"og:locale:alternate\" content=\"es_ES\" \/>\n<meta property=\"og:type\" content=\"article\" \/>\n<meta property=\"og:title\" content=\"Queso El Tofio Curado con Piment\u00f3n - Maxorata\" \/>\n<meta property=\"og:description\" content=\"\u2022 Originario de la isla de Lanzarote.  \u2022 Elaborado a base de leche pasteurizada de cabra canaria, fermentos l\u00e1cticos, cuajo y sal.  \u2022 Cobertura con piment\u00f3n.  \u2022 Las notas de cata, describen un queso de color amarillo marfil, olor caracter\u00edstico de queso curado de cabra a temperatura ambiente, sabor desarrollado, cremoso y ligeramente picante, pasta compacta al corte, textura cremosa y corteza de color pardo amarillento.  \u2022 Maduraci\u00f3n superior a 60 d\u00edas.  \u2022 Vida comercial de 12 meses desde el envasado.  \u2022 Presentaci\u00f3n en formatos de 1 y 4 kg y cu\u00f1as de 350 g (en pen\u00ednsula las cu\u00f1as son de 225 g).\" \/>\n<meta property=\"og:url\" content=\"https:\/\/maxorata.es\/en\/tienda\/queso-el-tofio-curado-con-pimenton\/\" \/>\n<meta property=\"og:site_name\" content=\"Maxorata\" \/>\n<meta property=\"article:modified_time\" content=\"2017-03-06T22:26:08+00:00\" \/>\n<meta property=\"og:image\" content=\"https:\/\/maxorata.es\/wp-content\/uploads\/2017\/03\/tofio-curado-pimenton4.jpg\" \/>\n\t<meta property=\"og:image:width\" content=\"600\" \/>\n\t<meta property=\"og:image:height\" content=\"600\" \/>\n\t<meta property=\"og:image:type\" content=\"image\/jpeg\" \/>\n<meta name=\"twitter:card\" content=\"summary_large_image\" \/>\n<script type=\"application\/ld+json\" class=\"yoast-schema-graph\">{\"@context\":\"https:\\\/\\\/schema.org\",\"@graph\":[{\"@type\":\"WebPage\",\"@id\":\"https:\\\/\\\/maxorata.es\\\/tienda\\\/queso-el-tofio-curado-con-pimenton\\\/\",\"url\":\"https:\\\/\\\/maxorata.es\\\/tienda\\\/queso-el-tofio-curado-con-pimenton\\\/\",\"name\":\"Queso El Tofio Curado con Piment\u00f3n - Maxorata\",\"isPartOf\":{\"@id\":\"https:\\\/\\\/maxorata.es\\\/#website\"},\"primaryImageOfPage\":{\"@id\":\"https:\\\/\\\/maxorata.es\\\/tienda\\\/queso-el-tofio-curado-con-pimenton\\\/#primaryimage\"},\"image\":{\"@id\":\"https:\\\/\\\/maxorata.es\\\/tienda\\\/queso-el-tofio-curado-con-pimenton\\\/#primaryimage\"},\"thumbnailUrl\":\"https:\\\/\\\/maxorata.es\\\/wp-content\\\/uploads\\\/2017\\\/03\\\/tofio-curado-pimenton4.jpg\",\"datePublished\":\"2017-03-06T16:02:49+00:00\",\"dateModified\":\"2017-03-06T22:26:08+00:00\",\"breadcrumb\":{\"@id\":\"https:\\\/\\\/maxorata.es\\\/tienda\\\/queso-el-tofio-curado-con-pimenton\\\/#breadcrumb\"},\"inLanguage\":\"en-GB\",\"potentialAction\":[{\"@type\":\"ReadAction\",\"target\":[\"https:\\\/\\\/maxorata.es\\\/tienda\\\/queso-el-tofio-curado-con-pimenton\\\/\"]}]},{\"@type\":\"ImageObject\",\"inLanguage\":\"en-GB\",\"@id\":\"https:\\\/\\\/maxorata.es\\\/tienda\\\/queso-el-tofio-curado-con-pimenton\\\/#primaryimage\",\"url\":\"https:\\\/\\\/maxorata.es\\\/wp-content\\\/uploads\\\/2017\\\/03\\\/tofio-curado-pimenton4.jpg\",\"contentUrl\":\"https:\\\/\\\/maxorata.es\\\/wp-content\\\/uploads\\\/2017\\\/03\\\/tofio-curado-pimenton4.jpg\",\"width\":600,\"height\":600},{\"@type\":\"BreadcrumbList\",\"@id\":\"https:\\\/\\\/maxorata.es\\\/tienda\\\/queso-el-tofio-curado-con-pimenton\\\/#breadcrumb\",\"itemListElement\":[{\"@type\":\"ListItem\",\"position\":1,\"name\":\"Portada\",\"item\":\"https:\\\/\\\/maxorata.es\\\/\"},{\"@type\":\"ListItem\",\"position\":2,\"name\":\"Tienda\",\"item\":\"https:\\\/\\\/maxorata.es\\\/en\\\/tienda\\\/\"},{\"@type\":\"ListItem\",\"position\":3,\"name\":\"Queso El Tofio Curado con Piment\u00f3n\"}]},{\"@type\":\"WebSite\",\"@id\":\"https:\\\/\\\/maxorata.es\\\/#website\",\"url\":\"https:\\\/\\\/maxorata.es\\\/\",\"name\":\"Maxorata\",\"description\":\"Queso majorero y otros productos l\u00e1cteos del Grupo Ganaderos de Fuerteventura\",\"publisher\":{\"@id\":\"https:\\\/\\\/maxorata.es\\\/#organization\"},\"potentialAction\":[{\"@type\":\"SearchAction\",\"target\":{\"@type\":\"EntryPoint\",\"urlTemplate\":\"https:\\\/\\\/maxorata.es\\\/?s={search_term_string}\"},\"query-input\":{\"@type\":\"PropertyValueSpecification\",\"valueRequired\":true,\"valueName\":\"search_term_string\"}}],\"inLanguage\":\"en-GB\"},{\"@type\":\"Organization\",\"@id\":\"https:\\\/\\\/maxorata.es\\\/#organization\",\"name\":\"Grupo Ganaderos de Fuerteventura S.L\",\"url\":\"https:\\\/\\\/maxorata.es\\\/\",\"logo\":{\"@type\":\"ImageObject\",\"inLanguage\":\"en-GB\",\"@id\":\"https:\\\/\\\/maxorata.es\\\/#\\\/schema\\\/logo\\\/image\\\/\",\"url\":\"https:\\\/\\\/maxorata.es\\\/wp-content\\\/uploads\\\/2018\\\/05\\\/logo.jpg\",\"contentUrl\":\"https:\\\/\\\/maxorata.es\\\/wp-content\\\/uploads\\\/2018\\\/05\\\/logo.jpg\",\"width\":109,\"height\":77,\"caption\":\"Grupo Ganaderos de Fuerteventura S.L\"},\"image\":{\"@id\":\"https:\\\/\\\/maxorata.es\\\/#\\\/schema\\\/logo\\\/image\\\/\"}}]}<\/script>\n<!-- \/ Yoast SEO plugin. -->","yoast_head_json":{"title":"Queso El Tofio Curado con Piment\u00f3n - Maxorata","robots":{"index":"index","follow":"follow","max-snippet":"max-snippet:-1","max-image-preview":"max-image-preview:large","max-video-preview":"max-video-preview:-1"},"canonical":"https:\/\/maxorata.es\/en\/tienda\/queso-el-tofio-curado-con-pimenton\/","og_locale":"en_GB","og_type":"article","og_title":"Queso El Tofio Curado con Piment\u00f3n - Maxorata","og_description":"\u2022 Originario de la isla de Lanzarote.  \u2022 Elaborado a base de leche pasteurizada de cabra canaria, fermentos l\u00e1cticos, cuajo y sal.  \u2022 Cobertura con piment\u00f3n.  \u2022 Las notas de cata, describen un queso de color amarillo marfil, olor caracter\u00edstico de queso curado de cabra a temperatura ambiente, sabor desarrollado, cremoso y ligeramente picante, pasta compacta al corte, textura cremosa y corteza de color pardo amarillento.  \u2022 Maduraci\u00f3n superior a 60 d\u00edas.  \u2022 Vida comercial de 12 meses desde el envasado.  \u2022 Presentaci\u00f3n en formatos de 1 y 4 kg y cu\u00f1as de 350 g (en pen\u00ednsula las cu\u00f1as son de 225 g).","og_url":"https:\/\/maxorata.es\/en\/tienda\/queso-el-tofio-curado-con-pimenton\/","og_site_name":"Maxorata","article_modified_time":"2017-03-06T22:26:08+00:00","og_image":[{"width":600,"height":600,"url":"https:\/\/maxorata.es\/wp-content\/uploads\/2017\/03\/tofio-curado-pimenton4.jpg","type":"image\/jpeg"}],"twitter_card":"summary_large_image","schema":{"@context":"https:\/\/schema.org","@graph":[{"@type":"WebPage","@id":"https:\/\/maxorata.es\/tienda\/queso-el-tofio-curado-con-pimenton\/","url":"https:\/\/maxorata.es\/tienda\/queso-el-tofio-curado-con-pimenton\/","name":"Queso El Tofio Curado con Piment\u00f3n - Maxorata","isPartOf":{"@id":"https:\/\/maxorata.es\/#website"},"primaryImageOfPage":{"@id":"https:\/\/maxorata.es\/tienda\/queso-el-tofio-curado-con-pimenton\/#primaryimage"},"image":{"@id":"https:\/\/maxorata.es\/tienda\/queso-el-tofio-curado-con-pimenton\/#primaryimage"},"thumbnailUrl":"https:\/\/maxorata.es\/wp-content\/uploads\/2017\/03\/tofio-curado-pimenton4.jpg","datePublished":"2017-03-06T16:02:49+00:00","dateModified":"2017-03-06T22:26:08+00:00","breadcrumb":{"@id":"https:\/\/maxorata.es\/tienda\/queso-el-tofio-curado-con-pimenton\/#breadcrumb"},"inLanguage":"en-GB","potentialAction":[{"@type":"ReadAction","target":["https:\/\/maxorata.es\/tienda\/queso-el-tofio-curado-con-pimenton\/"]}]},{"@type":"ImageObject","inLanguage":"en-GB","@id":"https:\/\/maxorata.es\/tienda\/queso-el-tofio-curado-con-pimenton\/#primaryimage","url":"https:\/\/maxorata.es\/wp-content\/uploads\/2017\/03\/tofio-curado-pimenton4.jpg","contentUrl":"https:\/\/maxorata.es\/wp-content\/uploads\/2017\/03\/tofio-curado-pimenton4.jpg","width":600,"height":600},{"@type":"BreadcrumbList","@id":"https:\/\/maxorata.es\/tienda\/queso-el-tofio-curado-con-pimenton\/#breadcrumb","itemListElement":[{"@type":"ListItem","position":1,"name":"Portada","item":"https:\/\/maxorata.es\/"},{"@type":"ListItem","position":2,"name":"Tienda","item":"https:\/\/maxorata.es\/en\/tienda\/"},{"@type":"ListItem","position":3,"name":"Queso El Tofio Curado con Piment\u00f3n"}]},{"@type":"WebSite","@id":"https:\/\/maxorata.es\/#website","url":"https:\/\/maxorata.es\/","name":"Maxorata","description":"Queso majorero y otros productos l\u00e1cteos del Grupo Ganaderos de Fuerteventura","publisher":{"@id":"https:\/\/maxorata.es\/#organization"},"potentialAction":[{"@type":"SearchAction","target":{"@type":"EntryPoint","urlTemplate":"https:\/\/maxorata.es\/?s={search_term_string}"},"query-input":{"@type":"PropertyValueSpecification","valueRequired":true,"valueName":"search_term_string"}}],"inLanguage":"en-GB"},{"@type":"Organization","@id":"https:\/\/maxorata.es\/#organization","name":"Grupo Ganaderos de Fuerteventura S.L","url":"https:\/\/maxorata.es\/","logo":{"@type":"ImageObject","inLanguage":"en-GB","@id":"https:\/\/maxorata.es\/#\/schema\/logo\/image\/","url":"https:\/\/maxorata.es\/wp-content\/uploads\/2018\/05\/logo.jpg","contentUrl":"https:\/\/maxorata.es\/wp-content\/uploads\/2018\/05\/logo.jpg","width":109,"height":77,"caption":"Grupo Ganaderos de Fuerteventura S.L"},"image":{"@id":"https:\/\/maxorata.es\/#\/schema\/logo\/image\/"}}]}},"_links":{"self":[{"href":"https:\/\/maxorata.es\/en\/wp-json\/wp\/v2\/product\/1589","targetHints":{"allow":["GET"]}}],"collection":[{"href":"https:\/\/maxorata.es\/en\/wp-json\/wp\/v2\/product"}],"about":[{"href":"https:\/\/maxorata.es\/en\/wp-json\/wp\/v2\/types\/product"}],"replies":[{"embeddable":true,"href":"https:\/\/maxorata.es\/en\/wp-json\/wp\/v2\/comments?post=1589"}],"wp:featuredmedia":[{"embeddable":true,"href":"https:\/\/maxorata.es\/en\/wp-json\/wp\/v2\/media\/1590"}],"wp:attachment":[{"href":"https:\/\/maxorata.es\/en\/wp-json\/wp\/v2\/media?parent=1589"}],"wp:term":[{"taxonomy":"product_brand","embeddable":true,"href":"https:\/\/maxorata.es\/en\/wp-json\/wp\/v2\/product_brand?post=1589"},{"taxonomy":"product_cat","embeddable":true,"href":"https:\/\/maxorata.es\/en\/wp-json\/wp\/v2\/product_cat?post=1589"},{"taxonomy":"product_tag","embeddable":true,"href":"https:\/\/maxorata.es\/en\/wp-json\/wp\/v2\/product_tag?post=1589"}],"curies":[{"name":"wp","href":"https:\/\/api.w.org\/{rel}","templated":true}]}}